{"id":2217,"date":"2022-12-14T13:51:07","date_gmt":"2022-12-14T12:51:07","guid":{"rendered":"http:\/\/tavil.volcanicvalley.com\/politique-de-confidentialite-2\/"},"modified":"2025-11-19T10:00:06","modified_gmt":"2025-11-19T09:00:06","slug":"politique-de-confidentialite","status":"publish","type":"page","link":"https:\/\/tavil.com\/fr\/politique-de-confidentialite\/","title":{"rendered":"Politique de confidentialit\u00e9"},"content":{"rendered":"\n<p class=\"has-small-font-size\">Derni\u00e8re mise \u00e0 jour : 18 novembre 2025<\/p>\n\n\n\n<h3 class=\"wp-block-heading\"><a><\/a>1. CONTR\u00d4LEUR DE DONN\u00c9ES<\/h3>\n\n\n\n<p>Le responsable du traitement des donn\u00e9es personnelles effectu\u00e9 via le site web est&nbsp;: <strong>TAVIL-IND, SAU<\/strong><br><strong>Adresse <\/strong>: Zone Industrielle Pal de Poliger Sud, Secteur 1 (17854) Sant Jaume de Llierca (Girona)<br><strong>NIF <\/strong>: A17223116<br><strong>T\u00e9l\u00e9phone <\/strong>: 972 290 105<br><strong>Courriel <\/strong>: privacy@tavil.net<br><strong>D\u00e9tails d&#8217;enregistrement au registre du commerce de G\u00e9rone <\/strong>: volume XX, folio XX, feuille XX, inscription XX.<\/p>\n\n\n\n<p><strong>TAVIL-IND, SAU <\/strong>se r\u00e9serve le droit de modifier la pr\u00e9sente politique de confidentialit\u00e9 \u00e0 sa seule discr\u00e9tion ou en cas de modification de la l\u00e9gislation, de la jurisprudence ou de la doctrine \u00e9manant des autorit\u00e9s comp\u00e9tentes. L\u2019utilisation du site web apr\u00e8s ces modifications vaut acceptation de celles-ci.<\/p>\n\n\n\n<p>Le site web peut contenir des liens vers des pages externes. <strong>TAVIL-IND, SAU <\/strong>d\u00e9cline toute responsabilit\u00e9 quant au contenu ou \u00e0 tout autre aspect relatif \u00e0 ces pages ou sites web externes.<\/p>\n\n\n\n<h3 class=\"wp-block-heading\"><a><\/a>2. DONN\u00c9ES PERSONNELLES<\/h3>\n\n\n\n<p><strong>TAVIL-IND, SAU <\/strong>collectera exclusivement des donn\u00e9es personnelles appropri\u00e9es, pertinentes et limit\u00e9es en relation avec les finalit\u00e9s pour lesquelles elles sont trait\u00e9es, selon ce qui est appropri\u00e9 dans chaque cas.<\/p>\n\n\n\n<p>L&#8217;utilisateur garantit l&#8217;authenticit\u00e9 des donn\u00e9es communiqu\u00e9es et sera seul responsable de toute d\u00e9claration fausse ou inexacte.<\/p>\n\n\n\n<h3 class=\"wp-block-heading\"><a><\/a>3. FINALIT\u00c9S DU TRAITEMENT<\/h3>\n\n\n\n<p>Les donn\u00e9es personnelles seront trait\u00e9es par le responsable du traitement aux fins suivantes, selon le cas&nbsp;:<\/p>\n\n\n\n<ul>\n<li>Consultation et, le cas \u00e9ch\u00e9ant, enqu\u00eate et r\u00e9ponse aux messages re\u00e7us.<\/li>\n\n\n\n<li>R\u00e9pondre aux personnes qui ont contact\u00e9 <strong>TAVIL-IND, SAU <\/strong>et qui pourraient \u00eatre int\u00e9ress\u00e9es \u00e0 devenir ses clients ou fournisseurs.<\/li>\n\n\n\n<li>Gestion commerciale et administrative des relations contractuelles existantes avec ses clients et fournisseurs, qui comprendra l&#8217;\u00e9mission et la gestion des budgets, des commandes et autres documents contractuels, ainsi que l&#8217;\u00e9mission et le contr\u00f4le du recouvrement et du paiement des factures.<\/li>\n\n\n\n<li>Maintien de la relation contractuelle avec la partie int\u00e9ress\u00e9e ou avec l&#8217;entreprise ou l&#8217;organisation au sein de laquelle elle travaille ou collabore.<\/li>\n\n\n\n<li>Examen et \u00e9valuation des informations et\/ou documents fournis en vue de participer \u00e0 un processus de s\u00e9lection. Si le dossier int\u00e9resse <strong>TAVIL-IND, SAU <\/strong>, le candidat sera contact\u00e9 afin d&#8217;\u00e9valuer sa candidature.<\/li>\n\n\n\n<li>Envoyer des communications concernant les actualit\u00e9s, les promotions, les concours, les tirages au sort, les \u00e9v\u00e9nements et\/ou les informations institutionnelles concernant <strong>TAVIL-IND, SAU <\/strong>et ses produits et\/ou services.<\/li>\n\n\n\n<li>Pr\u00e9vention, d\u00e9tection et contr\u00f4le des abus et des fraudes commis sur ou via le site web.<\/li>\n\n\n\n<li>Gestion du respect des obligations l\u00e9gales.<\/li>\n<\/ul>\n\n\n\n<h3 class=\"wp-block-heading\"><a><\/a>4. L\u00c9GITIMISATION DU TRAITEMENT<\/h3>\n\n\n\n<p>Le traitement des donn\u00e9es personnelles sera fond\u00e9 sur le respect d\u2019une obligation l\u00e9gale, s\u2019il a \u00e9t\u00e9 effectu\u00e9 aux fins suivantes&nbsp;:<\/p>\n\n\n\n<ul>\n<li>Gestion administrative de la relation contractuelle existante avec ses clients, qui comprendra l&#8217;\u00e9mission des factures.<\/li>\n\n\n\n<li>Gestion du respect des obligations l\u00e9gales.<\/li>\n<\/ul>\n\n\n\n<p>Le traitement des donn\u00e9es personnelles aux fins susmentionn\u00e9es est n\u00e9cessaire pour que <strong>TAVIL-IND, SAU <\/strong>puisse se conformer aux obligations qui lui incombent en vertu de la l\u00e9gislation applicable.<\/p>\n\n\n\n<p>En revanche, le fondement juridique du traitement des donn\u00e9es personnelles sera l\u2019application des mesures pr\u00e9contractuelles demand\u00e9es, l\u2019intention de la personne concern\u00e9e de conclure un contrat avec le responsable du traitement ou l\u2019ex\u00e9cution du contrat, dans le cas o\u00f9 il a \u00e9t\u00e9 fourni aux fins suivantes&nbsp;:<\/p>\n\n\n\n<ul>\n<li>R\u00e9pondre aux personnes qui ont contact\u00e9 <strong>TAVIL-IND, SAU <\/strong>et qui pourraient \u00eatre int\u00e9ress\u00e9es \u00e0 devenir ses clients ou fournisseurs.<\/li>\n\n\n\n<li>Gestion commerciale et administrative des relations contractuelles existantes avec ses clients et fournisseurs, qui comprendra l&#8217;\u00e9mission et la gestion des budgets, des commandes et autres documents contractuels, ainsi que l&#8217;\u00e9mission et le contr\u00f4le du recouvrement et du paiement des factures.<\/li>\n\n\n\n<li>Examen et \u00e9valuation des informations et\/ou documents fournis en vue de participer \u00e0 un processus de s\u00e9lection. Si le dossier int\u00e9resse <strong>TAVIL-IND, SAU <\/strong>, le candidat sera contact\u00e9 afin d&#8217;\u00e9valuer sa candidature.<\/li>\n<\/ul>\n\n\n\n<p>Le traitement des donn\u00e9es personnelles conform\u00e9ment \u00e0 la finalit\u00e9 susmentionn\u00e9e est n\u00e9cessaire pour pouvoir appliquer les mesures pr\u00e9contractuelles demand\u00e9es et pour pouvoir signer et ex\u00e9cuter le contrat entre <strong>TAVIL-IND, SAU <\/strong>et ses clients et\/ou fournisseurs.<\/p>\n\n\n\n<p>Enfin, la base juridique du traitement des donn\u00e9es personnelles sera l\u2019int\u00e9r\u00eat l\u00e9gitime du responsable du traitement, si celles-ci ont \u00e9t\u00e9 fournies aux fins suivantes&nbsp;:<\/p>\n\n\n\n<ul>\n<li>Consultation et, le cas \u00e9ch\u00e9ant, enqu\u00eate et r\u00e9ponse aux messages re\u00e7us. L\u2019int\u00e9r\u00eat l\u00e9gitime est de servir au mieux les personnes qui ont volontairement contact\u00e9 l\u2019entreprise.<\/li>\n\n\n\n<li>Le maintien de la relation contractuelle avec la personne concern\u00e9e ou avec l&#8217;entreprise ou l&#8217;organisation pour laquelle elle travaille ou collabore. L&#8217;int\u00e9r\u00eat l\u00e9gitime du responsable du traitement des donn\u00e9es est reconnu par la r\u00e9glementation applicable.<\/li>\n\n\n\n<li>Envoyer des communications concernant l&#8217;actualit\u00e9, les promotions, les concours, les tirages au sort, les \u00e9v\u00e9nements et\/ou les informations institutionnelles de <strong>TAVIL-IND, SAU <\/strong>et de ses produits et\/ou services. L&#8217;int\u00e9r\u00eat l\u00e9gitime du responsable du traitement des donn\u00e9es est reconnu par la r\u00e9glementation applicable.<\/li>\n\n\n\n<li>Pr\u00e9vention, d\u00e9tection et contr\u00f4le des abus et des fraudes commis sur ou via le site web. L&#8217;int\u00e9r\u00eat l\u00e9gitime repose sur la volont\u00e9 du responsable du traitement de maintenir la s\u00e9curit\u00e9 du site web.<\/li>\n<\/ul>\n\n\n\n<h3 class=\"wp-block-heading\"><a><\/a>5. DESTINATAIRES<\/h3>\n\n\n\n<p><strong>TAVIL-IND, SAU <\/strong>ne communiquera pas de donn\u00e9es personnelles \u00e0 des tiers, sauf en cas d&#8217;obligation l\u00e9gale et \u00e0 des tiers contractuels.<\/p>\n\n\n\n<p><strong>TAVIL-IND, SAU <\/strong>pr\u00e9voit d&#8217;effectuer des transferts internationaux de donn\u00e9es vers des fournisseurs situ\u00e9s dans des pays ne disposant pas d&#8217;une r\u00e9glementation \u00e9quivalente \u00e0 celle de l&#8217;Union europ\u00e9enne en mati\u00e8re de traitement des donn\u00e9es personnelles. Pour obtenir des informations sur les garanties et les mesures de protection mises en \u0153uvre afin de pr\u00e9server la confidentialit\u00e9 des utilisateurs, veuillez contacter le responsable du traitement des donn\u00e9es \u00e0 l&#8217;adresse privacy@tavil.net.<\/p>\n\n\n\n<h3 class=\"wp-block-heading\"><a><\/a>6. CONDITIONS DE STOCKAGE<\/h3>\n\n\n\n<p>Si le traitement des donn\u00e9es repose sur le consentement de l&#8217;utilisateur, celles-ci seront conserv\u00e9es tant que ce consentement n&#8217;est pas r\u00e9voqu\u00e9.<\/p>\n\n\n\n<p>Dans le cas o\u00f9 le traitement serait fond\u00e9 sur le respect d&#8217;obligations l\u00e9gales, d&#8217;obligations contractuelles, sur l&#8217;application de mesures pr\u00e9contractuelles ou sur l&#8217;int\u00e9r\u00eat l\u00e9gitime du responsable du traitement, les donn\u00e9es personnelles seront conserv\u00e9es pendant la dur\u00e9e n\u00e9cessaire \u00e0 la r\u00e9alisation des finalit\u00e9s du traitement.<\/p>\n\n\n\n<p>Dans tous les cas, les donn\u00e9es personnelles seront conserv\u00e9es pendant toute la dur\u00e9e pendant laquelle le responsable du traitement des donn\u00e9es peut \u00eatre tenu pour responsable conform\u00e9ment \u00e0 la loi applicable, et seront, le cas \u00e9ch\u00e9ant, bloqu\u00e9es jusqu&#8217;\u00e0 l&#8217;expiration du d\u00e9lai de prescription correspondant.<\/p>\n\n\n\n<h3 class=\"wp-block-heading\"><a><\/a>7. DROITS DE L&#8217;UTILISATEUR<\/h3>\n\n\n\n<p>Nous vous informons que vous pouvez \u00e0 tout moment exercer les droits d&#8217;acc\u00e8s, de rectification, d&#8217;effacement, de limitation, d&#8217;opposition et de portabilit\u00e9 concernant vos donn\u00e9es personnelles pr\u00e9vus par la r\u00e9glementation sur la protection des donn\u00e9es, en envoyant une lettre \u00e0 l&#8217;adresse postale Pol\u00edgon Industrial Pal de Poliger Sud, Sector 1 (17854) Sant Jaume de Llierca (Girona) ou \u00e0 l&#8217;adresse \u00e9lectronique privacy@tavil.net.<\/p>\n\n\n\n<p>Plus pr\u00e9cis\u00e9ment, vous pouvez exercer les droits \u00e9nonc\u00e9s ci-dessous&nbsp;:<\/p>\n\n\n\n<ul>\n<li>Acc\u00e9dez \u00e0 vos donn\u00e9es personnelles.<\/li>\n\n\n\n<li>Rectifier les donn\u00e9es inexactes ou incompl\u00e8tes.<\/li>\n\n\n\n<li>Demandez la suppression de vos donn\u00e9es lorsque, entre autres raisons, celles-ci ne sont plus n\u00e9cessaires aux fins pour lesquelles elles ont \u00e9t\u00e9 collect\u00e9es.<\/li>\n\n\n\n<li>Limiter le traitement des donn\u00e9es lorsque l&#8217;une des conditions pr\u00e9vues par la r\u00e9glementation sur la protection des donn\u00e9es est remplie.<\/li>\n\n\n\n<li>Dans certaines circonstances et pour des raisons tenant \u00e0 leur situation particuli\u00e8re vis-\u00e0-vis du traitement de leurs donn\u00e9es, les personnes concern\u00e9es peuvent s&#8217;opposer \u00e0 ce traitement. Dans ce cas, <strong>TAVIL-IND, SAU <\/strong>cessera de traiter les donn\u00e9es, sauf pour des motifs l\u00e9gitimes et imp\u00e9rieux, ou pour l&#8217;exercice ou la d\u00e9fense d&#8217;un droit en justice.<\/li>\n\n\n\n<li>Obtenez une intervention humaine pour exprimer votre point de vue et contester les d\u00e9cisions automatis\u00e9es adopt\u00e9es par <strong>TAVIL-IND, SAU <\/strong>, le cas \u00e9ch\u00e9ant.<\/li>\n\n\n\n<li>Demandez la portabilit\u00e9 de vos donn\u00e9es.<\/li>\n<\/ul>\n\n\n\n<p>En cas de d\u00e9saccord concernant le traitement de vos donn\u00e9es, vous pouvez d\u00e9poser une plainte aupr\u00e8s de l&#8217;Agence espagnole de protection des donn\u00e9es (www.aepd.es).<\/p>\n\n\n\n<p><\/p>\n","protected":false},"excerpt":{"rendered":"<p>Derni\u00e8re mise \u00e0 jour : 18 novembre 2025 1. CONTR\u00d4LEUR DE DONN\u00c9ES Le responsable du traitement des donn\u00e9es personnelles effectu\u00e9 via le site web est&nbsp;: TAVIL-IND, SAUAdresse : Zone Industrielle [&hellip;]<\/p>\n","protected":false},"author":1,"featured_media":0,"parent":0,"menu_order":0,"comment_status":"closed","ping_status":"closed","template":"","meta":{"_kad_blocks_custom_css":"","_kad_blocks_head_custom_js":"","_kad_blocks_body_custom_js":"","_kad_blocks_footer_custom_js":"","footnotes":""},"page-template":[29],"acf":[],"yoast_head":"<!-- This site is optimized with the Yoast SEO plugin v21.7 - https:\/\/yoast.com\/wordpress\/plugins\/seo\/ -->\n<title>Politique de confidentialit\u00e9 - Tavil<\/title>\n<meta name=\"robots\" content=\"index, follow, max-snippet:-1, max-image-preview:large, max-video-preview:-1\" \/>\n<link rel=\"canonical\" href=\"https:\/\/tavil.com\/fr\/politique-de-confidentialite\/\" \/>\n<meta property=\"og:locale\" content=\"fr_FR\" \/>\n<meta property=\"og:type\" content=\"article\" \/>\n<meta property=\"og:title\" content=\"Politique de confidentialit\u00e9 - Tavil\" \/>\n<meta property=\"og:description\" content=\"Derni\u00e8re mise \u00e0 jour : 18 novembre 2025 1. CONTR\u00d4LEUR DE DONN\u00c9ES Le responsable du traitement des donn\u00e9es personnelles effectu\u00e9 via le site web est&nbsp;: TAVIL-IND, SAUAdresse : Zone Industrielle [&hellip;]\" \/>\n<meta property=\"og:url\" content=\"https:\/\/tavil.com\/fr\/politique-de-confidentialite\/\" \/>\n<meta property=\"og:site_name\" content=\"Tavil\" \/>\n<meta property=\"article:modified_time\" content=\"2025-11-19T09:00:06+00:00\" \/>\n<meta name=\"twitter:card\" content=\"summary_large_image\" \/>\n<meta name=\"twitter:label1\" content=\"Dur\u00e9e de lecture estim\u00e9e\" \/>\n\t<meta name=\"twitter:data1\" content=\"6 minutes\" \/>\n<script type=\"application\/ld+json\" class=\"yoast-schema-graph\">{\"@context\":\"https:\/\/schema.org\",\"@graph\":[{\"@type\":\"WebPage\",\"@id\":\"https:\/\/tavil.com\/fr\/politique-de-confidentialite\/\",\"url\":\"https:\/\/tavil.com\/fr\/politique-de-confidentialite\/\",\"name\":\"Politique de confidentialit\u00e9 - Tavil\",\"isPartOf\":{\"@id\":\"https:\/\/tavil.com\/fr\/#website\"},\"datePublished\":\"2022-12-14T12:51:07+00:00\",\"dateModified\":\"2025-11-19T09:00:06+00:00\",\"breadcrumb\":{\"@id\":\"https:\/\/tavil.com\/fr\/politique-de-confidentialite\/#breadcrumb\"},\"inLanguage\":\"fr-FR\",\"potentialAction\":[{\"@type\":\"ReadAction\",\"target\":[\"https:\/\/tavil.com\/fr\/politique-de-confidentialite\/\"]}]},{\"@type\":\"BreadcrumbList\",\"@id\":\"https:\/\/tavil.com\/fr\/politique-de-confidentialite\/#breadcrumb\",\"itemListElement\":[{\"@type\":\"ListItem\",\"position\":1,\"name\":\"Page d'accueil\",\"item\":\"https:\/\/tavil.com\/fr\/\"},{\"@type\":\"ListItem\",\"position\":2,\"name\":\"Politique de confidentialit\u00e9\"}]},{\"@type\":\"WebSite\",\"@id\":\"https:\/\/tavil.com\/fr\/#website\",\"url\":\"https:\/\/tavil.com\/fr\/\",\"name\":\"Tavil\",\"description\":\"Proyectos completos multiformato de final de l\u00ednea\",\"publisher\":{\"@id\":\"https:\/\/tavil.com\/fr\/#organization\"},\"potentialAction\":[{\"@type\":\"SearchAction\",\"target\":{\"@type\":\"EntryPoint\",\"urlTemplate\":\"https:\/\/tavil.com\/fr\/?s={search_term_string}\"},\"query-input\":\"required name=search_term_string\"}],\"inLanguage\":\"fr-FR\"},{\"@type\":\"Organization\",\"@id\":\"https:\/\/tavil.com\/fr\/#organization\",\"name\":\"Tavil\",\"url\":\"https:\/\/tavil.com\/fr\/\",\"logo\":{\"@type\":\"ImageObject\",\"inLanguage\":\"fr-FR\",\"@id\":\"https:\/\/tavil.com\/fr\/#\/schema\/logo\/image\/\",\"url\":\"https:\/\/tavil.com\/wp-content\/uploads\/2022\/12\/tavil-logo.png\",\"contentUrl\":\"https:\/\/tavil.com\/wp-content\/uploads\/2022\/12\/tavil-logo.png\",\"width\":278,\"height\":32,\"caption\":\"Tavil\"},\"image\":{\"@id\":\"https:\/\/tavil.com\/fr\/#\/schema\/logo\/image\/\"},\"sameAs\":[\"https:\/\/www.linkedin.com\/company\/tavil\/\",\"https:\/\/www.youtube.com\/@tavilind3410\",\"https:\/\/vimeo.com\/user21861340\"]}]}<\/script>\n<!-- \/ Yoast SEO plugin. -->","yoast_head_json":{"title":"Politique de confidentialit\u00e9 - Tavil","robots":{"index":"index","follow":"follow","max-snippet":"max-snippet:-1","max-image-preview":"max-image-preview:large","max-video-preview":"max-video-preview:-1"},"canonical":"https:\/\/tavil.com\/fr\/politique-de-confidentialite\/","og_locale":"fr_FR","og_type":"article","og_title":"Politique de confidentialit\u00e9 - Tavil","og_description":"Derni\u00e8re mise \u00e0 jour : 18 novembre 2025 1. CONTR\u00d4LEUR DE DONN\u00c9ES Le responsable du traitement des donn\u00e9es personnelles effectu\u00e9 via le site web est&nbsp;: TAVIL-IND, SAUAdresse : Zone Industrielle [&hellip;]","og_url":"https:\/\/tavil.com\/fr\/politique-de-confidentialite\/","og_site_name":"Tavil","article_modified_time":"2025-11-19T09:00:06+00:00","twitter_card":"summary_large_image","twitter_misc":{"Dur\u00e9e de lecture estim\u00e9e":"6 minutes"},"schema":{"@context":"https:\/\/schema.org","@graph":[{"@type":"WebPage","@id":"https:\/\/tavil.com\/fr\/politique-de-confidentialite\/","url":"https:\/\/tavil.com\/fr\/politique-de-confidentialite\/","name":"Politique de confidentialit\u00e9 - Tavil","isPartOf":{"@id":"https:\/\/tavil.com\/fr\/#website"},"datePublished":"2022-12-14T12:51:07+00:00","dateModified":"2025-11-19T09:00:06+00:00","breadcrumb":{"@id":"https:\/\/tavil.com\/fr\/politique-de-confidentialite\/#breadcrumb"},"inLanguage":"fr-FR","potentialAction":[{"@type":"ReadAction","target":["https:\/\/tavil.com\/fr\/politique-de-confidentialite\/"]}]},{"@type":"BreadcrumbList","@id":"https:\/\/tavil.com\/fr\/politique-de-confidentialite\/#breadcrumb","itemListElement":[{"@type":"ListItem","position":1,"name":"Page d'accueil","item":"https:\/\/tavil.com\/fr\/"},{"@type":"ListItem","position":2,"name":"Politique de confidentialit\u00e9"}]},{"@type":"WebSite","@id":"https:\/\/tavil.com\/fr\/#website","url":"https:\/\/tavil.com\/fr\/","name":"Tavil","description":"Proyectos completos multiformato de final de l\u00ednea","publisher":{"@id":"https:\/\/tavil.com\/fr\/#organization"},"potentialAction":[{"@type":"SearchAction","target":{"@type":"EntryPoint","urlTemplate":"https:\/\/tavil.com\/fr\/?s={search_term_string}"},"query-input":"required name=search_term_string"}],"inLanguage":"fr-FR"},{"@type":"Organization","@id":"https:\/\/tavil.com\/fr\/#organization","name":"Tavil","url":"https:\/\/tavil.com\/fr\/","logo":{"@type":"ImageObject","inLanguage":"fr-FR","@id":"https:\/\/tavil.com\/fr\/#\/schema\/logo\/image\/","url":"https:\/\/tavil.com\/wp-content\/uploads\/2022\/12\/tavil-logo.png","contentUrl":"https:\/\/tavil.com\/wp-content\/uploads\/2022\/12\/tavil-logo.png","width":278,"height":32,"caption":"Tavil"},"image":{"@id":"https:\/\/tavil.com\/fr\/#\/schema\/logo\/image\/"},"sameAs":["https:\/\/www.linkedin.com\/company\/tavil\/","https:\/\/www.youtube.com\/@tavilind3410","https:\/\/vimeo.com\/user21861340"]}]}},"taxonomy_info":{"page-template":[{"value":29,"label":"Legal Pages"}]},"featured_image_src_large":false,"author_info":{"display_name":"volcanic","author_link":"https:\/\/tavil.com\/fr\/author\/volcanic\/"},"comment_info":"","_links":{"self":[{"href":"https:\/\/tavil.com\/fr\/wp-json\/wp\/v2\/pages\/2217"}],"collection":[{"href":"https:\/\/tavil.com\/fr\/wp-json\/wp\/v2\/pages"}],"about":[{"href":"https:\/\/tavil.com\/fr\/wp-json\/wp\/v2\/types\/page"}],"author":[{"embeddable":true,"href":"https:\/\/tavil.com\/fr\/wp-json\/wp\/v2\/users\/1"}],"replies":[{"embeddable":true,"href":"https:\/\/tavil.com\/fr\/wp-json\/wp\/v2\/comments?post=2217"}],"version-history":[{"count":5,"href":"https:\/\/tavil.com\/fr\/wp-json\/wp\/v2\/pages\/2217\/revisions"}],"predecessor-version":[{"id":7932,"href":"https:\/\/tavil.com\/fr\/wp-json\/wp\/v2\/pages\/2217\/revisions\/7932"}],"wp:attachment":[{"href":"https:\/\/tavil.com\/fr\/wp-json\/wp\/v2\/media?parent=2217"}],"wp:term":[{"taxonomy":"page-template","embeddable":true,"href":"https:\/\/tavil.com\/fr\/wp-json\/wp\/v2\/page-template?post=2217"}],"curies":[{"name":"wp","href":"https:\/\/api.w.org\/{rel}","templated":true}]}}